{"id":42,"date":"2026-04-14T22:54:32","date_gmt":"2026-04-14T20:54:32","guid":{"rendered":"https:\/\/svaw.de\/?page_id=42"},"modified":"2026-07-26T10:57:11","modified_gmt":"2026-07-26T08:57:11","slug":"termine","status":"publish","type":"page","link":"https:\/\/svaw.de\/index.php\/termine\/","title":{"rendered":"Termine"},"content":{"rendered":"\n<div class=\"wp-block-group alignfull is-style-default has-global-padding is-layout-constrained wp-block-group-is-layout-constrained\" style=\"margin-top:0;margin-bottom:0;padding-top:0;padding-bottom:0\">\n<div class=\"wp-block-group alignwide is-layout-flow wp-block-group-is-layout-flow\">\n<div class=\"wp-block-group is-layout-flow wp-container-core-group-is-layout-d288822a wp-block-group-is-layout-flow\" style=\"margin-top:var(--wp--preset--spacing--70)\">\n<hr class=\"wp-block-separator has-alpha-channel-opacity\"\/>\n\n\n\n<div class=\"wp-block-group is-content-justification-space-between is-layout-flex wp-container-core-group-is-layout-418b03bb wp-block-group-is-layout-flex\" style=\"padding-top:var(--wp--preset--spacing--40);padding-bottom:var(--wp--preset--spacing--40)\">\n<div class=\"wp-block-group has-global-padding is-layout-constrained wp-block-group-is-layout-constrained\">\n<h3 class=\"wp-block-heading\"><strong>Schie\u00dfstandumbau &#8211; gro\u00dfer Arbeitstag<\/strong><\/h3>\n\n\n\n<div data-wp-context=\"{ &quot;autoclose&quot;: false, &quot;accordionItems&quot;: [] }\" data-wp-interactive=\"core\/accordion\" role=\"group\" class=\"wp-block-accordion is-layout-flow wp-block-accordion-is-layout-flow\">\n<div data-wp-class--is-open=\"state.isOpen\" data-wp-context=\"{ &quot;id&quot;: &quot;accordion-item-1&quot;, &quot;openByDefault&quot;: false }\" data-wp-init=\"callbacks.initAccordionItems\" data-wp-on-window--hashchange=\"callbacks.hashChange\" class=\"wp-block-accordion-item is-layout-flow wp-block-accordion-item-is-layout-flow\">\n<h3 class=\"wp-block-accordion-heading\"><button aria-expanded=\"false\" aria-controls=\"accordion-item-1-panel\" data-wp-bind--aria-expanded=\"state.isOpen\" data-wp-on--click=\"actions.toggle\" id=\"accordion-item-1\" type=\"button\" class=\"wp-block-accordion-heading__toggle\"><span class=\"wp-block-accordion-heading__toggle-title\">Der n\u00e4chste Arbeitseinsatz steht vor der T\u00fcr und wir haben einiges vor!<\/span><span class=\"wp-block-accordion-heading__toggle-icon\" aria-hidden=\"true\">+<\/span><\/button><\/h3>\n\n\n\n<div aria-labelledby=\"accordion-item-1\" data-wp-bind--hidden=\"state.isHidden\" data-wp-on--beforematch=\"actions.handleBeforeMatch\" id=\"accordion-item-1-panel\" role=\"region\" class=\"wp-block-accordion-panel is-layout-flow wp-block-accordion-panel-is-layout-flow\">\n<ul class=\"wp-block-list\">\n<li><strong>Verkabelung f\u00fcr die neuen St\u00e4nde:<\/strong> Wir m\u00fcssen die Verkabelung vorbereiten, um sicherzustellen, dass alles reibungslos funktioniert.<\/li>\n\n\n\n<li><strong>R\u00fcckwand montieren: <\/strong>Nach der Renovierung k\u00f6nnen wir endlich die R\u00fcckwand wieder anbringen.<\/li>\n\n\n\n<li><strong>Schie\u00dftisch \u00fcberarbeiten:<\/strong> Der Schie\u00dftisch wird f\u00fcr die Bildschirme und den neuen Belag vorbereitet.<\/li>\n\n\n\n<li><strong>Raum renovieren:<\/strong> Unser Raum bekommt eine frische Farbe, um ihn wieder in neuem Glanz erstrahlen zu lassen.<\/li>\n\n\n\n<li><strong>Sockelleisten tauschen:<\/strong> Die alten Sockelleisten werden durch neue ersetzt.<\/li>\n\n\n\n<li><strong>Neue Lampen montieren:<\/strong> Wir installieren moderne Lampen f\u00fcr eine bessere Beleuchtung.<\/li>\n\n\n\n<li><strong>Fenster mit neuen Abdeckungen und Vorh\u00e4ngen:<\/strong> Auch die Fenster bekommen ein neues Design mit neuen Abdeckungen und Vorh\u00e4ngen.<br>Wir freuen uns auf eure tatkr\u00e4ftige Unterst\u00fctzung! Gemeinsam schaffen wir es, unseren Verein noch sch\u00f6ner zu gestalten.<\/li>\n<\/ul>\n\n\n\n<p class=\"wp-block-paragraph\">Wir freuen uns auf eure tatkr\u00e4ftige Unterst\u00fctzung! Gemeinsam schaffen wir es, unseren Schie\u00dfraum neu zu gestalten.<\/p>\n<\/div>\n<\/div>\n<\/div>\n<\/div>\n\n\n\n<div class=\"wp-block-group has-global-padding is-content-justification-right is-layout-constrained wp-container-core-group-is-layout-49613cd2 wp-block-group-is-layout-constrained\">\n<p class=\"has-text-align-right wp-block-paragraph\" style=\"text-transform:uppercase\">Samstag, 1. August 2026<\/p>\n\n\n\n<p class=\"has-text-align-right wp-block-paragraph\">09:00<\/p>\n<\/div>\n<\/div>\n\n\n\n<hr class=\"wp-block-separator has-alpha-channel-opacity\"\/>\n\n\n\n<div class=\"wp-block-group is-content-justification-space-between is-layout-flex wp-container-core-group-is-layout-418b03bb wp-block-group-is-layout-flex\" style=\"padding-top:var(--wp--preset--spacing--40);padding-bottom:var(--wp--preset--spacing--40)\">\n<div class=\"wp-block-columns wp-container-content-9cfa9a5a is-layout-flex wp-container-core-columns-is-layout-794e3cfa wp-block-columns-is-layout-flex\">\n<div class=\"wp-block-column is-layout-flow wp-block-column-is-layout-flow\" style=\"flex-basis:66.67%\">\n<div class=\"wp-block-group has-global-padding is-content-justification-left is-layout-constrained wp-container-core-group-is-layout-236ffaf5 wp-block-group-is-layout-constrained\">\n<h3 class=\"wp-block-heading\"><strong>Oktoberfest-Landesschie\u00dfen<\/strong>&nbsp;<\/h3>\n\n\n\n<div data-wp-context=\"{ &quot;autoclose&quot;: false, &quot;accordionItems&quot;: [] }\" data-wp-interactive=\"core\/accordion\" role=\"group\" class=\"wp-block-accordion is-layout-flow wp-block-accordion-is-layout-flow\">\n<div data-wp-class--is-open=\"state.isOpen\" data-wp-context=\"{ &quot;id&quot;: &quot;accordion-item-2&quot;, &quot;openByDefault&quot;: false }\" data-wp-init=\"callbacks.initAccordionItems\" data-wp-on-window--hashchange=\"callbacks.hashChange\" class=\"wp-block-accordion-item is-layout-flow wp-block-accordion-item-is-layout-flow\">\n<h3 class=\"wp-block-accordion-heading\"><button aria-expanded=\"false\" aria-controls=\"accordion-item-2-panel\" data-wp-bind--aria-expanded=\"state.isOpen\" data-wp-on--click=\"actions.toggle\" id=\"accordion-item-2\" type=\"button\" class=\"wp-block-accordion-heading__toggle\"><span class=\"wp-block-accordion-heading__toggle-title\">Anmeldung erbeten<\/span><span class=\"wp-block-accordion-heading__toggle-icon\" aria-hidden=\"true\">+<\/span><\/button><\/h3>\n\n\n\n<div aria-labelledby=\"accordion-item-2\" data-wp-bind--hidden=\"state.isHidden\" data-wp-on--beforematch=\"actions.handleBeforeMatch\" id=\"accordion-item-2-panel\" role=\"region\" class=\"wp-block-accordion-panel is-layout-flow wp-block-accordion-panel-is-layout-flow\">\n<p class=\"wp-block-paragraph\">Auch dieses Jahr wird es wieder eine Fahrt zum Oktoberfest-Landesschie\u00dfen geben.<br>Die Fahrt wird am Sonntag, den 27. September 2026 stattfinden.<br>Zur besseren Planung bitte bis sp\u00e4testens 1. August beim Sportleiter anmelden und mitteilen ob am Schie\u00dfbetrieb teilgenommen wird.<\/p>\n<\/div>\n<\/div>\n<\/div>\n<\/div>\n<\/div>\n\n\n\n<div class=\"wp-block-column is-layout-flow wp-block-column-is-layout-flow\" style=\"flex-basis:33.33%\">\n<div class=\"wp-block-group is-vertical is-content-justification-right is-layout-flex wp-container-core-group-is-layout-1bf5577e wp-block-group-is-layout-flex\">\n<p class=\"wp-block-paragraph\" style=\"text-transform:uppercase\">Sonntag, 27.September 2026<\/p>\n\n\n\n<p class=\"wp-block-paragraph\"><\/p>\n<\/div>\n<\/div>\n<\/div>\n<\/div>\n\n\n\n<hr class=\"wp-block-separator has-alpha-channel-opacity\"\/>\n<\/div>\n<\/div>\n<\/div>\n","protected":false},"excerpt":{"rendered":"<p>Schie\u00dfstandumbau &#8211; gro\u00dfer Arbeitstag Samstag, 1. August 2026 09:00 Oktoberfest-Landesschie\u00dfen&nbsp; Sonntag, 27.September 2026<\/p>\n","protected":false},"author":1,"featured_media":0,"parent":0,"menu_order":0,"comment_status":"closed","ping_status":"closed","template":"","meta":{"footnotes":""},"class_list":["post-42","page","type-page","status-publish","hentry"],"_links":{"self":[{"href":"https:\/\/svaw.de\/index.php\/wp-json\/wp\/v2\/pages\/42","targetHints":{"allow":["GET"]}}],"collection":[{"href":"https:\/\/svaw.de\/index.php\/wp-json\/wp\/v2\/pages"}],"about":[{"href":"https:\/\/svaw.de\/index.php\/wp-json\/wp\/v2\/types\/page"}],"author":[{"embeddable":true,"href":"https:\/\/svaw.de\/index.php\/wp-json\/wp\/v2\/users\/1"}],"replies":[{"embeddable":true,"href":"https:\/\/svaw.de\/index.php\/wp-json\/wp\/v2\/comments?post=42"}],"version-history":[{"count":51,"href":"https:\/\/svaw.de\/index.php\/wp-json\/wp\/v2\/pages\/42\/revisions"}],"predecessor-version":[{"id":296,"href":"https:\/\/svaw.de\/index.php\/wp-json\/wp\/v2\/pages\/42\/revisions\/296"}],"wp:attachment":[{"href":"https:\/\/svaw.de\/index.php\/wp-json\/wp\/v2\/media?parent=42"}],"curies":[{"name":"wp","href":"https:\/\/api.w.org\/{rel}","templated":true}]}}